{"id":4222,"date":"2023-05-29T11:50:04","date_gmt":"2023-05-29T09:50:04","guid":{"rendered":"https:\/\/www.kamprad.net\/?page_id=4222"},"modified":"2026-02-16T16:16:21","modified_gmt":"2026-02-16T15:16:21","slug":"geplante_obsoleszenz","status":"publish","type":"page","link":"https:\/\/www.kamprad.net\/index.php\/geplante_obsoleszenz\/","title":{"rendered":"#Geplante_Obsoleszenz"},"content":{"rendered":"\n<p><b>Geplante Obsoleszenz, geplanter Verschlei\u00df<\/b>, <b>Produktvergreisung,&nbsp;<\/b> ist eine <a title=\"Marketingstrategie\" href=\"https:\/\/de.wikipedia.org\/wiki\/Marketingstrategie\">Marketingstrategie<\/a>, bei der das Veralten eines Produktes (<a title=\"Obsoleszenz\" href=\"https:\/\/de.wikipedia.org\/wiki\/Obsoleszenz\">Obsoleszenz<\/a>) vom Hersteller geplant und konzeptionell vorgesehen ist.<\/p>\n\n\n\n<p>Geplante Obsoleszenz ist eine Strategie des Konstruierens von Produkten mit begrenzter Lebensdauer, damit der Kunde diese durch Neukauf ersetzen muss. Das Grundprinzip dieser Strategie besteht darin, langfristige das Absatzvolumen zu erh\u00f6hen, indem die Zeit zwischen wiederholten K\u00e4ufen verk\u00fcrzt wird.<\/p>\n\n\n\n<p><strong>Hier einige Produkte und deren Firmen bei dennen ich exakt das feststellen musste.<\/strong><\/p>\n\n\n\n<p><strong>1. <a href=\"https:\/\/de.wikipedia.org\/wiki\/Krups\" target=\"_blank\" rel=\"noopener\">Krups<\/a>:<\/strong><\/p>\n\n\n\n<p>Ja Krups eigentlich genau .. Inbegriff &#8220;Deutscher Wertarbeit&#8221; ??<\/p>\n\n\n\n<figure class=\"wp-block-embed is-type-rich is-provider-reddit wp-block-embed-reddit\"><div class=\"wp-block-embed__wrapper\">\n<blockquote class=\"reddit-embed-bq\" style=\"height:500px\" ><a href=\"https:\/\/www.reddit.com\/r\/assholedesign\/comments\/m5irmh\/krups_gvx2_grinder_builtin_breaking_point\/\">KRUPS GVX2 Grinder built-in breaking point<\/a><br> by<a href=\"\"><\/a> in<a href=\"https:\/\/www.reddit.com\/r\/assholedesign\/\">assholedesign<\/a><\/blockquote><script async src=\"https:\/\/embed.reddit.com\/widgets.js\" charset=\"UTF-8\"><\/script>\n<\/div><\/figure>\n\n\n<div class=\"jetpack-video-wrapper\"><iframe loading=\"lazy\" title=\"video 2021 03 15 12 33 42\" width=\"640\" height=\"360\" src=\"https:\/\/www.youtube.com\/embed\/Ept0Pd6VIpg?feature=oembed\" frameborder=\"0\" allow=\"accelerometer; autoplay; clipboard-write; encrypted-media; gyroscope; picture-in-picture; web-share\" referrerpolicy=\"strict-origin-when-cross-origin\" allowfullscreen><\/iframe><\/div>\n\n\n\n<p>Ist ganz einfach.. statt einer Metallfeder einfach ein Plastik Teil nehmen das nach 100 mal Dr\u00fccken den Geist aufgibt. in diesem Fall konnte ich das reparieren und selbst nach 2 Jahren l\u00e4uft die M\u00fchle noch ohne Ausfall (April 2023).<\/p>\n\n\n\n<p>Ist Krups denn noch deutsche Wertarbeit?<\/p>\n\n\n\n<p>Neee nat\u00fcrlich garnicht gibt es garnicht mehr:<\/p>\n\n\n\n<p>Krups <strong><em>war<\/em> <\/strong>ein bekannter Hersteller von K\u00fcchenger\u00e4ten und ist heute eine <a title=\"Marke (Recht)\" href=\"https:\/\/de.wikipedia.org\/wiki\/Marke_(Recht)\">Marke<\/a> des weltweit t\u00e4tigen <a title=\"Frankreich\" href=\"https:\/\/de.wikipedia.org\/wiki\/Frankreich\">franz\u00f6sischen<\/a> <a title=\"Konzern\" href=\"https:\/\/de.wikipedia.org\/wiki\/Konzern\">Konzerns<\/a> <a title=\"Groupe SEB\" href=\"https:\/\/de.wikipedia.org\/wiki\/Groupe_SEB\">Groupe SEB<\/a>&#8230;<\/p>\n\n\n\n<p><strong>Eines der vielen Beispiele f\u00fcr Marken die einfach virtualisiert wurden,<\/strong> bekannt als Produzenten von hochwertigen Produkten, aber heute nur noch der Name auf das Plastik gedruckt.. drinnen steckt das Produkt irgendeiner Chinesischen Massenproduktions Farm.<\/p>\n\n\n\n<p>2. <a href=\"https:\/\/de.wikipedia.org\/wiki\/Robert_Bosch_Hausger%C3%A4te\">Bosch<\/a><\/p>\n\n\n\n<p>Das ist noch immer ein deutsches Unternehmen aber auch nur eine .. Marke von BS:<\/p>\n\n\n\n<p>vertreibt neben den Hausger\u00e4temarken <a title=\"Robert Bosch Hausger\u00e4te\" href=\"https:\/\/de.wikipedia.org\/wiki\/Robert_Bosch_Hausger%C3%A4te\">Bosch<\/a>, <a title=\"Siemens\" href=\"https:\/\/de.wikipedia.org\/wiki\/Siemens\">Siemens<\/a>, <a title=\"Gaggenau Hausger\u00e4te\" href=\"https:\/\/de.wikipedia.org\/wiki\/Gaggenau_Hausger%C3%A4te\">Gaggenau<\/a> und <a class=\"mw-redirect\" title=\"Neff GmbH\" href=\"https:\/\/de.wikipedia.org\/wiki\/Neff_GmbH\">Neff<\/a> auch in einzelnen L\u00e4ndern die Marken <a title=\"Constructa\" href=\"https:\/\/de.wikipedia.org\/wiki\/Constructa\">Constructa<\/a>, <a title=\"Pitsos\" href=\"https:\/\/de.wikipedia.org\/wiki\/Pitsos\">Pitsos<\/a>, Balay, Coldex, Junker, Profilo und Thermador.<\/p>\n\n\n\n<p>Mein neuster Fehlkauf eine Kompakt K\u00fcchen Machine der Marke Bosch:<\/p>\n\n\n\n<figure class=\"wp-block-embed is-type-rich is-provider-reddit wp-block-embed-reddit\"><div class=\"wp-block-embed__wrapper\">\n<blockquote class=\"reddit-embed-bq\" style=\"height:500px\" ><a href=\"https:\/\/www.reddit.com\/r\/assholedesign\/comments\/1280ebv\/bosch_kompaktk%c3%bcchenmaschine_mcm4_styline\/\">Bosch Kompakt-K\u00fcchenmaschine MCM4 Styline<\/a><br> by<a href=\"\"><\/a> in<a href=\"https:\/\/www.reddit.com\/r\/assholedesign\/\">assholedesign<\/a><\/blockquote><script async src=\"https:\/\/embed.reddit.com\/widgets.js\" charset=\"UTF-8\"><\/script>\n<\/div><\/figure>\n\n\n\n<p>Eine brandneue Kompaktk\u00fcchenmaschine von Bosch.<\/p>\n\n\n\n<p>Direkt nach dem ersten Gebrauch rieben sich die Halternoppen f\u00fcr die Klinge komplet ab.<\/p>\n\n\n\n<p>Dies f\u00fchrt dazu, dass die Klinge am Halter herum flog.. weiteres Benutzen h\u00e4tte sicher das billige Plastik des Zerkleinerers zerst\u00f6rt.<\/p>\n\n\n\n<p>Schickte die defekten Teile zum Austausch ein und erhielt Erstazteile eine Woche danach mit der Paketpost&#8230;. nach der n\u00e4chsten Verwendung zur Zubereitung eines Teigs &#8230; mit Eiern und Mehl !!<\/p>\n\n\n\n<p>genau das Gleiche,&nbsp; es schredderte die Noppen weg.. und die Teigklinge zappele im Ger\u00e4t herum..<br>Schickte jetzt die komplette Maschine zur\u00fcck und schrieb dass sie diese dort selbst entsorgen k\u00f6nnen.<\/p>\n\n\n\n<p>Mal sehen, ob ich das Geld zur\u00fcckbekomme oder zumindest einen Gutschein?<\/p>\n\n\n\n<p>Abgesehen von diesem offensichtlichen Design\/Produktions\/Obsolesenz&nbsp;&nbsp; Problem, ist das Ger\u00e4t auch sonst in keiner Weise dazu geeignet l\u00e4nger genutzt zu werden, Griffe haben \u00d6ffnungen in die Schmutz ein dringen kann und es tut, vor allem wenn du diese in der Sp\u00fclmachine w\u00e4schst (explizit daf\u00fcr geeignet laut Hersteller). Gef\u00e4\u00dfe sind komp\u00fclett aus transparentem Plastik so das du zusehen kannst wie es in den Griffen schimmelt&#8230; apropos.. ein weitere Fehlkauf von bosch ist der <a href=\"https:\/\/www.bosch-home.com\/de\/produktliste\/kuechengeraete\/stabmixer\/ergomixx-stabmixer\/MSM66120#\/Togglebox=accessories\/Togglebox=manuals\/Togglebox=accessoriesOthers\/\">ErgoMixx<\/a>:<\/p>\n\n\n\n<figure class=\"wp-block-image\"><a href=\"https:\/\/i0.wp.com\/www.kamprad.net\/wp-content\/uploads\/2023\/05\/photo_2023-05-29_11-07-19.jpg?ssl=1\"><img data-recalc-dims=\"1\" loading=\"lazy\" decoding=\"async\" width=\"225\" height=\"300\" src=\"https:\/\/i0.wp.com\/www.kamprad.net\/wp-content\/uploads\/2023\/05\/photo_2023-05-29_11-07-19.jpg?resize=225%2C300&#038;ssl=1\" alt=\"\" class=\"wp-image-4223\" srcset=\"https:\/\/i0.wp.com\/www.kamprad.net\/wp-content\/uploads\/2023\/05\/photo_2023-05-29_11-07-19.jpg?resize=225%2C300&amp;ssl=1 225w, https:\/\/i0.wp.com\/www.kamprad.net\/wp-content\/uploads\/2023\/05\/photo_2023-05-29_11-07-19.jpg?resize=768%2C1024&amp;ssl=1 768w, https:\/\/i0.wp.com\/www.kamprad.net\/wp-content\/uploads\/2023\/05\/photo_2023-05-29_11-07-19.jpg?w=960&amp;ssl=1 960w\" sizes=\"auto, (max-width: 225px) 100vw, 225px\" \/><\/a><\/figure>\n\n\n\n<figure class=\"wp-block-image\"><a href=\"https:\/\/i0.wp.com\/www.kamprad.net\/wp-content\/uploads\/2023\/05\/photo_2023-05-29_11-07-19-5.jpg?ssl=1\"><img data-recalc-dims=\"1\" loading=\"lazy\" decoding=\"async\" width=\"225\" height=\"300\" src=\"https:\/\/i0.wp.com\/www.kamprad.net\/wp-content\/uploads\/2023\/05\/photo_2023-05-29_11-07-19-5.jpg?resize=225%2C300&#038;ssl=1\" alt=\"\" class=\"wp-image-4224\" srcset=\"https:\/\/i0.wp.com\/www.kamprad.net\/wp-content\/uploads\/2023\/05\/photo_2023-05-29_11-07-19-5.jpg?resize=225%2C300&amp;ssl=1 225w, https:\/\/i0.wp.com\/www.kamprad.net\/wp-content\/uploads\/2023\/05\/photo_2023-05-29_11-07-19-5.jpg?resize=768%2C1024&amp;ssl=1 768w, https:\/\/i0.wp.com\/www.kamprad.net\/wp-content\/uploads\/2023\/05\/photo_2023-05-29_11-07-19-5.jpg?w=960&amp;ssl=1 960w\" sizes=\"auto, (max-width: 225px) 100vw, 225px\" \/><\/a><\/figure>\n\n\n\n<p>Ansich ein kompaktes starkes robustes Ger\u00e4t mit Stabmixer und Zerkleinerer.<\/p>\n\n\n\n<p>Dwer Stabmixer ist aus dickem Edelstahl und dank der 600W bekommst du damit Suppen e.t.c. fein und cremig.<\/p>\n\n\n\n<p>Der Zerkleinerer.. na ja etwas popelig ausgefallen was die Klinge angeht aber sonst auch robust und etwas dickeres Plastik im Vergleich zu dem Material was f\u00fcr die gro\u00dfe K\u00fcchenmachine benutzt wurde sehr sehr viel hochwertiger.<\/p>\n\n\n\n<p>der Deckel hingegen ist absoluter Schrott.. beim Reinigen ger\u00e4t Wasser+Schmutz in den Deckel und tropft dann langsam in alles was du nachher zerkleinerst.. eklig undeventuell Gesundheitsgef\u00e4rdend?<\/p>\n\n\n\n<p>Daher das Loch so kann ich den Deckel abtropfen lassen und gegebenen Falles aussp\u00fclen.<\/p>\n\n\n\n<p>L\u00e4uft ebenfalls seit 2 Jahren problemlos mit der Modifikation.<\/p>\n\n\n\n<p><strong>EDIT 31.05.2023:<\/strong><\/p>\n\n\n\n<p>So .. Bosch ignoriert das ich das Ger\u00e4t wegen eines Produktionsfehlers zur\u00fcck gegeben habe.. und sendet mir aus &#8220;Kulanz&#8221; ein komplettes Neuger\u00e4t&#8230; Sehe nicht eindeutig ob es das Selbe Modell ist&#8230;<\/p>\n\n\n\n<figure class=\"wp-block-image\"><a href=\"https:\/\/i0.wp.com\/www.kamprad.net\/wp-content\/uploads\/2023\/05\/2023-05-31_09-08.png?ssl=1\"><img data-recalc-dims=\"1\" loading=\"lazy\" decoding=\"async\" width=\"213\" height=\"300\" src=\"https:\/\/i0.wp.com\/www.kamprad.net\/wp-content\/uploads\/2023\/05\/2023-05-31_09-08.png?resize=213%2C300&#038;ssl=1\" alt=\"\" class=\"wp-image-4236\" srcset=\"https:\/\/i0.wp.com\/www.kamprad.net\/wp-content\/uploads\/2023\/05\/2023-05-31_09-08.png?resize=213%2C300&amp;ssl=1 213w, https:\/\/i0.wp.com\/www.kamprad.net\/wp-content\/uploads\/2023\/05\/2023-05-31_09-08.png?w=638&amp;ssl=1 638w\" sizes=\"auto, (max-width: 213px) 100vw, 213px\" \/><\/a><\/figure>\n\n\n\n<p>Wir werden sehen.. ich meine okay..&nbsp; k\u00f6nnte das jetzt einfach bei Bucht verkaufen.. aber da bekomme ich nicht mal 50\u20ac daf\u00fcr&nbsp; &#8230;<\/p>\n\n\n\n<p>Also einfach die Annahme verweigern? wird nicht gut klappen da mit 95% Wahrscheinlichkeit beim Nachbarn abgestellt wird..<\/p>\n\n\n\n<p>Annahme konnte ich online verweigern.. hat dem Sachbearbeiter nicht gefallen.. aber eventuell bekomme ich jetzt zu mindest eine Best\u00e4tigung das die Nachbesserung fehl geschlagen ist?<\/p>\n\n\n\n<p>Ich warte schon seit 2.6.2023 auf weitere Antwort.<\/p>\n\n\n\n<p>Mir wurde lediglich vorgeschlagen dem H\u00e4ndler das Ger\u00e4t zur\u00fcck zu geben.. aber warum sollte dieser das tun? Das Ger\u00e4t ist heil neu und unverpackt aber die 14 Tage R\u00fcckgabe Frist ist abgelaufen.<\/p>\n\n\n\n<p>Also ohne das sich derjenige dessen Nachbesserung nicht erfolgreich war diesen Zustand best\u00e4tigt.. habe ich keine M\u00f6glichkeit dazu.<\/p>\n\n\n\n<p><strong>Edit 15.6.2023 (Nur nach meiner Nachfrage zu dem Ger\u00e4t per Email):<\/strong><\/p>\n\n\n\n<figure class=\"wp-block-image\"><a href=\"https:\/\/i0.wp.com\/www.kamprad.net\/wp-content\/uploads\/2023\/06\/2023-06-16_18-41.png?ssl=1\"><img data-recalc-dims=\"1\" loading=\"lazy\" decoding=\"async\" width=\"230\" height=\"300\" src=\"https:\/\/i0.wp.com\/www.kamprad.net\/wp-content\/uploads\/2023\/06\/2023-06-16_18-41.png?resize=230%2C300&#038;ssl=1\" alt=\"\" class=\"wp-image-4250\" srcset=\"https:\/\/i0.wp.com\/www.kamprad.net\/wp-content\/uploads\/2023\/06\/2023-06-16_18-41.png?resize=230%2C300&amp;ssl=1 230w, https:\/\/i0.wp.com\/www.kamprad.net\/wp-content\/uploads\/2023\/06\/2023-06-16_18-41.png?w=716&amp;ssl=1 716w\" sizes=\"auto, (max-width: 230px) 100vw, 230px\" \/><\/a><\/figure>\n\n\n\n<p>Also wird von der Seite des Bosch Kundenservice einfach ignoriert.. Fehlgeschlagene Nachbesserung? Produktionsfehler?&nbsp; so was gibt es nicht.. und wird einfach gesagt das m\u00fcssen wir nicht das kann nur der Verk\u00e4ufer..<\/p>\n\n\n\n<p>Also.. neues Ziel R\u00fcckerstattung beim Verk\u00e4ufer.. habe am selben Tag angefragt und bisher nur eine Antwort das mein Anliegen and die entsprechende Stelle weiter geleitet wird.<\/p>\n\n\n\n<figure class=\"wp-block-image\"><a href=\"https:\/\/i0.wp.com\/www.kamprad.net\/wp-content\/uploads\/2023\/06\/2023-06-16_18-46.png?ssl=1\"><img data-recalc-dims=\"1\" loading=\"lazy\" decoding=\"async\" width=\"300\" height=\"214\" src=\"https:\/\/i0.wp.com\/www.kamprad.net\/wp-content\/uploads\/2023\/06\/2023-06-16_18-46.png?resize=300%2C214&#038;ssl=1\" alt=\"\" class=\"wp-image-4251\" srcset=\"https:\/\/i0.wp.com\/www.kamprad.net\/wp-content\/uploads\/2023\/06\/2023-06-16_18-46.png?resize=300%2C214&amp;ssl=1 300w, https:\/\/i0.wp.com\/www.kamprad.net\/wp-content\/uploads\/2023\/06\/2023-06-16_18-46.png?w=762&amp;ssl=1 762w\" sizes=\"auto, (max-width: 300px) 100vw, 300px\" \/><\/a><\/figure>\n\n\n\n<p><strong>EDIT 20.06.2023:<\/strong><\/p>\n\n\n\n<p>Der Verk\u00e4ufer ben\u00f6tigt ganz genau wie gedacht.. eine Validierung des Herstellers das eine Nachbesserung fehlgeschlagen ist oder.. zumindest das der Hersteller das Ger\u00e4t zur\u00fcck nehmen wird nachdem der Verk\u00e4ufer es zur\u00fcck genommen hat um den Kaufpreis zu erstatten.<\/p>\n\n\n\n<p>Nat\u00fcrlich gleich Bosch angeschrieben.. damit sie das nun tun.<\/p>\n\n\n\n<p>Sieht ja aber ganz nach der Eine schiebt dem Anderen den Schwarzen Peter zu.<\/p>\n\n\n\n<p>Vorsichtshalber habe ich gleich eine Anzeige beim Verbraucherschutz angelegt.<\/p>\n\n\n\n<p>Hmm.. interessant:<\/p>\n\n\n\n<figure class=\"wp-block-image\"><a href=\"https:\/\/i0.wp.com\/www.kamprad.net\/wp-content\/uploads\/2023\/06\/2023-06-20_12-47.png?ssl=1\"><img data-recalc-dims=\"1\" loading=\"lazy\" decoding=\"async\" width=\"300\" height=\"119\" src=\"https:\/\/i0.wp.com\/www.kamprad.net\/wp-content\/uploads\/2023\/06\/2023-06-20_12-47.png?resize=300%2C119&#038;ssl=1\" alt=\"\" class=\"wp-image-4255\" srcset=\"https:\/\/i0.wp.com\/www.kamprad.net\/wp-content\/uploads\/2023\/06\/2023-06-20_12-47.png?resize=300%2C119&amp;ssl=1 300w, https:\/\/i0.wp.com\/www.kamprad.net\/wp-content\/uploads\/2023\/06\/2023-06-20_12-47.png?resize=768%2C304&amp;ssl=1 768w, https:\/\/i0.wp.com\/www.kamprad.net\/wp-content\/uploads\/2023\/06\/2023-06-20_12-47.png?w=813&amp;ssl=1 813w\" sizes=\"auto, (max-width: 300px) 100vw, 300px\" \/><\/a><\/figure>\n\n\n\n<p>Dann sehen wir mal was der Bosch Service trotz dem antwortet.. oder ob die sich abgestimmt haben?<\/p>\n\n\n\n<p>Trotz alle dem einen Herzlichen Dank an die Kulante Handhabung des Falles beim <em>Verk\u00e4ufer<\/em> (Saturn Berlin Bad Stra\u00dfe)<\/p>\n\n\n\n<p>Auch wenn das ein gro\u00dfer Konzern ist und ein Oligopol auch zusammen mit Media Markt?<\/p>\n\n\n\n<p>Gibt es hier noch Service mit dem Kunden und nicht gegen ihn \ud83d\ude09<\/p>\n\n\n\n<p>Bosch Ger\u00e4te werde ich auf jeden Fall nicht mehr kaufen, lieber in den sauren Apfel beissen und 50-60\u20ac&nbsp; mehr aus geben! (oder gleich zum M\u00fcll greifen dens f\u00fcr 50% weniger gibt wenn du Gl\u00fcck hast h\u00e4lt der ewig)<\/p>\n\n\n\n<p>&#8230;<\/p>\n\n\n\n<p>3. <a href=\"https:\/\/de.wikipedia.org\/wiki\/Imtron\">KOENIC<\/a><\/p>\n\n\n\n<p>Eine Handelsmarke vom Saturn\/Mediamarkt soweit ich sehen kann:<\/p>\n\n\n\n<p><a href=\"https:\/\/www.imtron.eu\/\">https:\/\/www.imtron.eu\/<\/a><\/p>\n\n\n\n<p>Mit Standorten in Ingoldstadt und .. HongKong&nbsp; wo sicher die Produktion liegt.<\/p>\n\n\n\n<p><a href=\"https:\/\/www.mediamarkt.at\/de\/product\/_koenic-kvs-3411-m-vacuum-bag-sealer-1553923.html\"><strong>Vacuum Bag Sealer KVS 3411M<\/strong><\/a><\/p>\n\n\n\n<p>Ist der 2. Garantie Tausch \ud83d\ude09<\/p>\n\n\n\n<ol class=\"wp-block-list\">\n<li>kompletter Elektronik Ausfall, also garnichts ging mehr.<\/li>\n\n\n\n<li>Vacuum lief nicht mehr.<\/li>\n<\/ol>\n\n\n\n<p>Ein paar Benutzungen sp\u00e4ter wieder total Ausfall..<\/p>\n\n\n\n<p>Danach hatte ich irgendwie Lust da mal rein zu schauen und.. es lag einfach daran das die Kabeldurchf\u00fchrung zwischen Unter- und Oberseite mit einem Flachkabel nicht nur mit Kabeln gemacht wurde die anf\u00e4llig f\u00fcr Bruch durch h\u00e4ufiges biegen sind.. sondern zudem auch noch ohne Schutz vor dem genau an der Knickstelle scharfkantigem Geh\u00e4use ist.. was f\u00fcr ein Zufall?<\/p>\n\n\n\n<p>Und siehe da 2 der Kabel waren durchtrennt.. nach dem ich die gel\u00f6tet und neu ummantelt hatte ging alles wieder.. habe dann das Flachkabel komplett gegen Bruchfestes Kabel getauscht und die scharfen Kanten abgeklebt.. Und komisch komisch.. 2 Jahre lang funktioniert das Ger\u00e4t nun ohne auch nur ein winziges Problem.. oder ja okay eine Einraste Halterung ist jetzt abgebrochen.. aber das Ger\u00e4t sollte ja auch garnicht so lange halten also wozu sollten diese daf\u00fcr ausgerichtet sein l\u00e4nger als ein Jahr zu halten.<\/p>\n\n\n\n<p>September 2023 musste ich die Kabel erneut flicken da selbst die Verst\u00e4rkten durchgeschnitten waren.<\/p>\n\n\n\n<p>Einraste Halterung ist wieder abgebrochen und l\u00e4\u00dft sich nicht mehr ankleben.. geht noch wenn ich von Hand fest dr\u00fccke.. <\/p>\n\n\n\n<figure class=\"wp-block-image\"><a href=\"https:\/\/i0.wp.com\/www.kamprad.net\/wp-content\/uploads\/2023\/05\/photo_2023-05-29_11-07-19-2.jpg?ssl=1\"><img data-recalc-dims=\"1\" loading=\"lazy\" decoding=\"async\" width=\"225\" height=\"300\" src=\"https:\/\/i0.wp.com\/www.kamprad.net\/wp-content\/uploads\/2023\/05\/photo_2023-05-29_11-07-19-2.jpg?resize=225%2C300&#038;ssl=1\" alt=\"\" class=\"wp-image-4225\" srcset=\"https:\/\/i0.wp.com\/www.kamprad.net\/wp-content\/uploads\/2023\/05\/photo_2023-05-29_11-07-19-2.jpg?resize=225%2C300&amp;ssl=1 225w, https:\/\/i0.wp.com\/www.kamprad.net\/wp-content\/uploads\/2023\/05\/photo_2023-05-29_11-07-19-2.jpg?resize=768%2C1024&amp;ssl=1 768w, https:\/\/i0.wp.com\/www.kamprad.net\/wp-content\/uploads\/2023\/05\/photo_2023-05-29_11-07-19-2.jpg?w=960&amp;ssl=1 960w\" sizes=\"auto, (max-width: 225px) 100vw, 225px\" \/><\/a><\/figure>\n\n\n\n<figure class=\"wp-block-image\"><a href=\"https:\/\/i0.wp.com\/www.kamprad.net\/wp-content\/uploads\/2023\/05\/photo_2023-05-29_11-07-19-3.jpg?ssl=1\"><img data-recalc-dims=\"1\" loading=\"lazy\" decoding=\"async\" width=\"225\" height=\"300\" src=\"https:\/\/i0.wp.com\/www.kamprad.net\/wp-content\/uploads\/2023\/05\/photo_2023-05-29_11-07-19-3.jpg?resize=225%2C300&#038;ssl=1\" alt=\"\" class=\"wp-image-4226\" srcset=\"https:\/\/i0.wp.com\/www.kamprad.net\/wp-content\/uploads\/2023\/05\/photo_2023-05-29_11-07-19-3.jpg?resize=225%2C300&amp;ssl=1 225w, https:\/\/i0.wp.com\/www.kamprad.net\/wp-content\/uploads\/2023\/05\/photo_2023-05-29_11-07-19-3.jpg?resize=768%2C1024&amp;ssl=1 768w, https:\/\/i0.wp.com\/www.kamprad.net\/wp-content\/uploads\/2023\/05\/photo_2023-05-29_11-07-19-3.jpg?w=960&amp;ssl=1 960w\" sizes=\"auto, (max-width: 225px) 100vw, 225px\" \/><\/a><\/figure>\n\n\n\n<figure class=\"wp-block-image\"><a href=\"https:\/\/i0.wp.com\/www.kamprad.net\/wp-content\/uploads\/2023\/05\/photo_2023-05-29_11-07-19-4.jpg?ssl=1\"><img data-recalc-dims=\"1\" loading=\"lazy\" decoding=\"async\" width=\"300\" height=\"225\" src=\"https:\/\/i0.wp.com\/www.kamprad.net\/wp-content\/uploads\/2023\/05\/photo_2023-05-29_11-07-19-4.jpg?resize=300%2C225&#038;ssl=1\" alt=\"\" class=\"wp-image-4227\" srcset=\"https:\/\/i0.wp.com\/www.kamprad.net\/wp-content\/uploads\/2023\/05\/photo_2023-05-29_11-07-19-4.jpg?resize=300%2C225&amp;ssl=1 300w, https:\/\/i0.wp.com\/www.kamprad.net\/wp-content\/uploads\/2023\/05\/photo_2023-05-29_11-07-19-4.jpg?resize=1024%2C768&amp;ssl=1 1024w, https:\/\/i0.wp.com\/www.kamprad.net\/wp-content\/uploads\/2023\/05\/photo_2023-05-29_11-07-19-4.jpg?resize=768%2C576&amp;ssl=1 768w, https:\/\/i0.wp.com\/www.kamprad.net\/wp-content\/uploads\/2023\/05\/photo_2023-05-29_11-07-19-4.jpg?w=1280&amp;ssl=1 1280w\" sizes=\"auto, (max-width: 300px) 100vw, 300px\" \/><\/a><\/figure>\n\n\n\n<p>4. Logitech<\/p>\n\n\n\n<p>Ja genau ein Garant f\u00fcr Langlebigkeit Qualit\u00e4t un Pr\u00e4zesion..<\/p>\n\n\n\n<p><a href=\"https:\/\/www.logitech.com\/de-de\/products\/keyboards\/mx-keys-wireless-keyboard.html\">MX Keys Tastatur<\/a><\/p>\n\n\n\n<figure class=\"wp-block-image\"><a href=\"https:\/\/i0.wp.com\/www.kamprad.net\/wp-content\/uploads\/2023\/05\/IMG_20220716_143821700_HDR-scaled.jpg?ssl=1\"><img data-recalc-dims=\"1\" loading=\"lazy\" decoding=\"async\" width=\"225\" height=\"300\" src=\"https:\/\/i0.wp.com\/www.kamprad.net\/wp-content\/uploads\/2023\/05\/IMG_20220716_143821700_HDR.jpg?resize=225%2C300&#038;ssl=1\" alt=\"\" class=\"wp-image-4228\" srcset=\"https:\/\/i0.wp.com\/www.kamprad.net\/wp-content\/uploads\/2023\/05\/IMG_20220716_143821700_HDR-scaled.jpg?resize=225%2C300&amp;ssl=1 225w, https:\/\/i0.wp.com\/www.kamprad.net\/wp-content\/uploads\/2023\/05\/IMG_20220716_143821700_HDR-scaled.jpg?resize=768%2C1024&amp;ssl=1 768w, https:\/\/i0.wp.com\/www.kamprad.net\/wp-content\/uploads\/2023\/05\/IMG_20220716_143821700_HDR-scaled.jpg?resize=1152%2C1536&amp;ssl=1 1152w, https:\/\/i0.wp.com\/www.kamprad.net\/wp-content\/uploads\/2023\/05\/IMG_20220716_143821700_HDR-scaled.jpg?resize=1536%2C2048&amp;ssl=1 1536w, https:\/\/i0.wp.com\/www.kamprad.net\/wp-content\/uploads\/2023\/05\/IMG_20220716_143821700_HDR-scaled.jpg?w=1920&amp;ssl=1 1920w, https:\/\/i0.wp.com\/www.kamprad.net\/wp-content\/uploads\/2023\/05\/IMG_20220716_143821700_HDR-scaled.jpg?w=1280&amp;ssl=1 1280w\" sizes=\"auto, (max-width: 225px) 100vw, 225px\" \/><\/a><\/figure>\n\n\n\n<p>Das 2. Austausch Ger\u00e4t..<\/p>\n\n\n\n<ol class=\"wp-block-list\">\n<li>LED Beleuchtung vergilbte an einigen Stellen<\/li>\n\n\n\n<li>kompletter Akku Ausfall<\/li>\n<\/ol>\n\n\n\n<p>Und das innerhalb der ersten 4 Monate nach dem Kauf..<\/p>\n\n\n\n<p>Seit dem funktioniert die Tastatur ( 1.12.2023), der Akku ist aber bereits sehr schwach und muss alle 3 Tage aufgeladen werden.<\/p>\n\n\n\n<p><\/p>\n\n\n\n<p><strong>\u00c4hnliche Funde:<\/strong><\/p>\n\n\n\n<ul class=\"wp-block-list\">\n<li><a href=\"https:\/\/krautreporter.de\/sinn-und-konsum\/5234-das-hat-doch-alles-schon-mal-funktioniert\">krautreporter.de das-hat-doch-alles-schon-mal-funktioniert?<\/a><\/li>\n\n\n\n<li><a href=\"https:\/\/youtu.be\/tWYxrowovts?si=YLI-uDSFS_2SL9UQ\">https:\/\/youtu.be\/tWYxrowovts?si=YLI-uDSFS_2SL9UQ<\/a><\/li>\n\n\n\n<li><a href=\"https:\/\/youtu.be\/138S0rSbZ10?si=yvh1d_wtESHlMpAm\">https:\/\/youtu.be\/138S0rSbZ10?si=yvh1d_wtESHlMpAm<\/a><\/li>\n\n\n\n<li><a href=\"https:\/\/youtu.be\/ufamBEJJtuY?si=-oMOCHCh_puC6jyn\">https:\/\/youtu.be\/ufamBEJJtuY?si=-oMOCHCh_puC6jyn<\/a><\/li>\n\n\n\n<li><a href=\"https:\/\/youtu.be\/xaQyoAt6O58?si=ebFkdy5FCVSR7IlS\">https:\/\/youtu.be\/xaQyoAt6O58?si=ebFkdy5FCVSR7IlS<\/a><\/li>\n<\/ul>\n","protected":false},"excerpt":{"rendered":"<p>Geplante Obsoleszenz, geplanter Verschlei\u00df, Produktvergreisung,&nbsp; ist eine Marketingstrategie, bei der das Veralten eines Produktes (Obsoleszenz) vom Hersteller geplant und konzeptionell vorgesehen ist. Geplante Obsoleszenz ist eine Strategie des Konstruierens von Produkten mit begrenzter Lebensdauer, damit der Kunde diese durch Neukauf ersetzen muss. Das Grundprinzip dieser Strategie besteht darin, langfristige das Absatzvolumen zu erh\u00f6hen, indem die [&hellip;]<\/p>\n","protected":false},"author":2,"featured_media":0,"parent":0,"menu_order":0,"comment_status":"closed","ping_status":"closed","template":"","meta":{"footnotes":""},"class_list":["post-4222","page","type-page","status-publish","hentry"],"jetpack_sharing_enabled":true,"jetpack_likes_enabled":true,"_links":{"self":[{"href":"https:\/\/www.kamprad.net\/index.php\/wp-json\/wp\/v2\/pages\/4222","targetHints":{"allow":["GET"]}}],"collection":[{"href":"https:\/\/www.kamprad.net\/index.php\/wp-json\/wp\/v2\/pages"}],"about":[{"href":"https:\/\/www.kamprad.net\/index.php\/wp-json\/wp\/v2\/types\/page"}],"author":[{"embeddable":true,"href":"https:\/\/www.kamprad.net\/index.php\/wp-json\/wp\/v2\/users\/2"}],"replies":[{"embeddable":true,"href":"https:\/\/www.kamprad.net\/index.php\/wp-json\/wp\/v2\/comments?post=4222"}],"version-history":[{"count":22,"href":"https:\/\/www.kamprad.net\/index.php\/wp-json\/wp\/v2\/pages\/4222\/revisions"}],"predecessor-version":[{"id":4730,"href":"https:\/\/www.kamprad.net\/index.php\/wp-json\/wp\/v2\/pages\/4222\/revisions\/4730"}],"wp:attachment":[{"href":"https:\/\/www.kamprad.net\/index.php\/wp-json\/wp\/v2\/media?parent=4222"}],"curies":[{"name":"wp","href":"https:\/\/api.w.org\/{rel}","templated":true}]}}